{"id":1691,"date":"2024-03-30T02:32:23","date_gmt":"2024-03-30T01:32:23","guid":{"rendered":"https:\/\/vigo.wordcamp.org\/2024\/?page_id=1691"},"modified":"2024-04-25T01:58:41","modified_gmt":"2024-04-24T23:58:41","slug":"localizacion","status":"publish","type":"page","link":"https:\/\/vigo.wordcamp.org\/2024\/localizacion\/","title":{"rendered":"Localizaci\u00f3n"},"content":{"rendered":"\n<div class=\"wp-block-group alignfull wcv-header-title has-custom-gris-background-color has-background has-global-padding is-layout-constrained wp-block-group-is-layout-constrained\" style=\"padding-top:180px;padding-bottom:50px;background-image:url(&apos;https:\/\/vigo.wordcamp.org\/2024\/files\/2024\/03\/2024-1.png&apos;);background-position:100% 0%;background-repeat:no-repeat;background-size:contain;\">\n<h1 class=\"wp-block-heading has-custom-vigo-color has-text-color has-link-color wp-elements-adabda24b9a8ba54d41963303bd4b16a\" style=\"margin-bottom:0px;font-size:clamp(27.894px, 1.743rem + ((1vw - 3.2px) * 2.094), 48px);\">\u00bfD\u00f3nde se celebra la<strong> primera<\/strong><br><strong>WordCamp de Vigo?<\/strong><\/h1>\n\n\n\n<h2 class=\"wp-block-heading has-contrast-color has-text-color has-link-color wp-elements-155b1ebdedf8630c659962c49227ad83\" style=\"margin-top:0px;margin-bottom:0px;font-size:clamp(22.041px, 1.378rem + ((1vw - 3.2px) * 1.454), 36px);\">Ent\u00e9rate de todo aqu\u00ed y consigue descuentos<br>para tu viaje y estancia<\/h2>\n\n\n\n<div class=\"wp-block-buttons is-layout-flex wp-block-buttons-is-layout-flex\">\n<div class=\"wp-block-button\"><a class=\"wp-block-button__link has-custom-vigo-background-color has-background wp-element-button\" href=\"#dormir-en-vigo\">\u00bfTe quedas a dormir en Vigo?<\/a><\/div>\n<\/div>\n<\/div>\n\n\n\n<div class=\"wp-block-group has-global-padding is-layout-constrained wp-block-group-is-layout-constrained\">\n<div style=\"height:50px\" aria-hidden=\"true\" class=\"wp-block-spacer\"><\/div>\n\n\n\n<div class=\"wp-block-columns is-layout-flex wp-container-core-columns-is-layout-3a88641f wp-block-columns-is-layout-flex\">\n<div class=\"wp-block-column is-layout-flow wp-container-core-column-is-layout-267c7d7d wp-block-column-is-layout-flow\" style=\"padding-right:0.5rem;padding-left:0.5rem;flex-basis:45%\">\n<p class=\"wp-block-paragraph\">Viernes 24 de mayo<\/p>\n\n\n\n<h2 class=\"wp-block-heading has-large-font-size\">Do_action<\/h2>\n\n\n\n<p class=\"wp-block-paragraph\"><strong>C\u00edrculo de Empresarios de Galicia<br><\/strong>R\u00faa de Garc\u00eda Barb\u00f3n, 62<br>36201 Vigo<\/p>\n\n\n\n<div class=\"wp-block-group has-custom-gris-background-color has-background has-global-padding is-layout-constrained wp-container-core-group-is-layout-34a480d6 wp-block-group-is-layout-constrained\" style=\"padding-top:var(--wp--preset--spacing--20);padding-right:var(--wp--preset--spacing--20);padding-bottom:var(--wp--preset--spacing--20);padding-left:var(--wp--preset--spacing--20)\">\n<figure class=\"wp-block-image size-full\"><img data-recalc-dims=\"1\" loading=\"lazy\" decoding=\"async\" width=\"700\" height=\"400\" src=\"https:\/\/i0.wp.com\/vigo.wordcamp.org\/2024\/files\/2024\/03\/Circulo-de-empresarios-de-Vigo.jpg?resize=700%2C400&#038;ssl=1\" alt=\"\" class=\"wp-image-1755\" srcset=\"https:\/\/i0.wp.com\/vigo.wordcamp.org\/2024\/files\/2024\/03\/Circulo-de-empresarios-de-Vigo.jpg?w=700&amp;ssl=1 700w, https:\/\/i0.wp.com\/vigo.wordcamp.org\/2024\/files\/2024\/03\/Circulo-de-empresarios-de-Vigo.jpg?resize=500%2C286&amp;ssl=1 500w\" sizes=\"auto, (max-width: 700px) 100vw, 700px\" \/><\/figure>\n\n\n\n<div style=\"height:20px\" aria-hidden=\"true\" class=\"wp-block-spacer\"><\/div>\n\n\n\n<ul class=\"wp-block-list\">\n<li>A 5 minutos andando desde Vialia bajando por el ascensor del Halo<\/li>\n\n\n\n<li>A 5 minutos andando desde Estaci\u00f3n de tren Vigo Guixar<\/li>\n\n\n\n<li>A 35 minutos andando desde la Estaci\u00f3n Mar\u00edtima de Vigo<\/li>\n<\/ul>\n\n\n\n<div style=\"height:20px\" aria-hidden=\"true\" class=\"wp-block-spacer\"><\/div>\n\n\n\n<div class=\"googlemaps\">\n\t\t\t\t<iframe loading=\"lazy\" width=\"800\" height=\"400\" frameborder=\"0\" scrolling=\"no\" marginheight=\"0\" marginwidth=\"0\"  src=\"https:\/\/www.google.com\/maps\/embed?pb=!1m14!1m8!1m3!1d11815.835418617324!2d-8.711741!3d42.236692!3m2!1i1024!2i768!4f13.1!3m3!1m2!1s0xd2f63cf11f0de0d:0x4e1ecabacc116631!2sWordPress%20Vigo!5e0!3m2!1ses!2ses!4v1711832862200!5m2!1ses!2ses\"><\/iframe>\n\t\t\t<\/div>\n<\/div>\n\n\n\n<div style=\"height:30px\" aria-hidden=\"true\" class=\"wp-block-spacer\"><\/div>\n<\/div>\n\n\n\n<div class=\"wp-block-column is-layout-flow wp-container-core-column-is-layout-267c7d7d wp-block-column-is-layout-flow\" style=\"padding-right:0.5rem;padding-left:0.5rem;flex-basis:55%\">\n<p class=\"wp-block-paragraph\">S\u00e1bado 25 y domingo 26 de mayo<\/p>\n\n\n\n<h2 class=\"wp-block-heading has-large-font-size\">D\u00eda de Ponencias y Contributor Day<\/h2>\n\n\n\n<p class=\"wp-block-paragraph\"><strong>Auditorio Mar de Vigo<\/strong> <strong>Palacio de Congresos<\/strong><br>Avda. da Beiramar, 59<br>36202 Vigo<\/p>\n\n\n\n<div class=\"wp-block-group has-custom-borde-background-color has-background has-global-padding is-layout-constrained wp-container-core-group-is-layout-34a480d6 wp-block-group-is-layout-constrained\" style=\"padding-top:var(--wp--preset--spacing--20);padding-right:var(--wp--preset--spacing--20);padding-bottom:var(--wp--preset--spacing--20);padding-left:var(--wp--preset--spacing--20)\">\n<figure class=\"wp-block-image size-full\"><img data-recalc-dims=\"1\" loading=\"lazy\" decoding=\"async\" width=\"700\" height=\"400\" src=\"https:\/\/i0.wp.com\/vigo.wordcamp.org\/2024\/files\/2024\/03\/Auditorio-Mar-de-Vigo.jpg?resize=700%2C400&#038;ssl=1\" alt=\"\" class=\"wp-image-1756\" srcset=\"https:\/\/i0.wp.com\/vigo.wordcamp.org\/2024\/files\/2024\/03\/Auditorio-Mar-de-Vigo.jpg?w=700&amp;ssl=1 700w, https:\/\/i0.wp.com\/vigo.wordcamp.org\/2024\/files\/2024\/03\/Auditorio-Mar-de-Vigo.jpg?resize=500%2C286&amp;ssl=1 500w\" sizes=\"auto, (max-width: 700px) 100vw, 700px\" \/><\/figure>\n\n\n\n<div style=\"height:20px\" aria-hidden=\"true\" class=\"wp-block-spacer\"><\/div>\n\n\n\n<ul class=\"is-style-default has-base-2-color has-text-color has-link-color wp-block-list wp-elements-8826d1586620e08bab4da58f7326cc36\">\n<li>A 20 andando desde la Estaci\u00f3n Mar\u00edtima de Vigo<\/li>\n\n\n\n<li>A 15 minutos en autob\u00fas (l\u00edneas H1 \/ A \/ C3 I \/ 5A \/ 10 \/ 11 \/ 15B) desde la Estaci\u00f3n Mar\u00edtima de Vigo<\/li>\n\n\n\n<li>A 25 minutos en autob\u00fas (l\u00edneas C3 I \/ 10) desde Estaci\u00f3n de tren Vigo Guixar<\/li>\n\n\n\n<li>A 25 minutos en autob\u00fas (l\u00edneas A \/ 5A \/ 11 \/ 15C \/ 10 \/ C3 I) desde Vialia<\/li>\n<\/ul>\n\n\n\n<div style=\"height:20px\" aria-hidden=\"true\" class=\"wp-block-spacer\"><\/div>\n\n\n\n<div class=\"googlemaps\">\n\t\t\t\t<iframe loading=\"lazy\" width=\"800\" height=\"400\" frameborder=\"0\" scrolling=\"no\" marginheight=\"0\" marginwidth=\"0\"  src=\"https:\/\/www.google.com\/maps\/embed?pb=!1m14!1m8!1m3!1d11816.786710192086!2d-8.734283!3d42.231611!3m2!1i1024!2i768!4f13.1!3m3!1m2!1s0xd2f62106e4a114d:0xa76e1afac7bfcfc9!2sAuditorio%20Pazo%20de%20Congresos%20Mar%20de%20Vigo!5e0!3m2!1ses!2ses!4v1711832959002!5m2!1ses!2ses\"><\/iframe>\n\t\t\t<\/div>\n<\/div>\n<\/div>\n<\/div>\n<\/div>\n\n\n\n<div id=\"como-llegar\" class=\"wp-block-group has-global-padding is-layout-constrained wp-block-group-is-layout-constrained\">\n<div style=\"height:80px\" aria-hidden=\"true\" class=\"wp-block-spacer\"><\/div>\n\n\n\n<div class=\"wp-block-cover has-aspect-ratio\" style=\"margin-top:0;padding-top:20px;padding-right:20px;padding-bottom:20px;padding-left:20px;aspect-ratio:auto;height:unset;min-height:unset;\"><span aria-hidden=\"true\" class=\"wp-block-cover__background has-custom-vigo-background-color has-background-dim-100 has-background-dim\"><\/span><div class=\"wp-block-cover__inner-container is-layout-flow wp-block-cover-is-layout-flow\">\n<div class=\"wp-block-group is-layout-flex wp-container-core-group-is-layout-d749ede4 wp-block-group-is-layout-flex\">\n<div class=\"wp-block-group wp-container-content-9cfa9a5a is-layout-flow wp-container-core-group-is-layout-7f9c660f wp-block-group-is-layout-flow\">\n<p class=\"has-text-align-left has-base-2-color has-text-color has-large-font-size wp-block-paragraph\"><strong>AVISO<\/strong>: El aeropuerto de Vigo permanecer\u00e1 cerrado por obras entre el 6 y el 30 de mayo de 2024. Recomendamos viajar en tren o volar a Santiago de Compostela.<\/p>\n<\/div>\n<\/div>\n<\/div><\/div>\n\n\n\n<div style=\"height:60px\" aria-hidden=\"true\" class=\"wp-block-spacer\"><\/div>\n\n\n\n<h2 class=\"wp-block-heading has-text-align-center\">\u00bfC\u00f3mo viajas a Vigo?<\/h2>\n\n\n\n<div style=\"height:40px\" aria-hidden=\"true\" class=\"wp-block-spacer\"><\/div>\n\n\n\n<div class=\"wp-block-columns alignwide is-layout-flex wp-container-core-columns-is-layout-5a989b3a wp-block-columns-is-layout-flex\">\n<div class=\"wp-block-column is-layout-flow wp-block-column-is-layout-flow\" style=\"border-top-color:var(--wp--preset--color--contrast-3);border-top-width:1px;border-bottom-color:var(--wp--preset--color--contrast-3);border-bottom-width:1px;padding-top:var(--wp--preset--spacing--30);padding-right:var(--wp--preset--spacing--30);padding-bottom:var(--wp--preset--spacing--10);padding-left:var(--wp--preset--spacing--30)\">\n<figure class=\"wp-block-image aligncenter size-full is-resized wp-duotone-a4a4a4-b5bdbc-1\"><img data-recalc-dims=\"1\" loading=\"lazy\" decoding=\"async\" width=\"576\" height=\"512\" src=\"https:\/\/i0.wp.com\/vigo.wordcamp.org\/2024\/files\/2024\/03\/plane-solid.png?resize=576%2C512&#038;ssl=1\" alt=\"plane\" class=\"wp-image-1782\" style=\"width:auto;height:64px\" srcset=\"https:\/\/i0.wp.com\/vigo.wordcamp.org\/2024\/files\/2024\/03\/plane-solid.png?w=576&amp;ssl=1 576w, https:\/\/i0.wp.com\/vigo.wordcamp.org\/2024\/files\/2024\/03\/plane-solid.png?resize=338%2C300&amp;ssl=1 338w\" sizes=\"auto, (max-width: 576px) 100vw, 576px\" \/><\/figure>\n\n\n\n<h3 class=\"wp-block-heading has-text-align-center\" style=\"padding-top:1px\">En avi\u00f3n<\/h3>\n\n\n\n<p class=\"wp-block-paragraph\"><strong>Aeropuertos cercanos<\/strong><\/p>\n\n\n\n<div class=\"wp-block-group is-vertical is-content-justification-stretch is-layout-flex wp-container-core-group-is-layout-d8dce8eb wp-block-group-is-layout-flex\">\n<ul class=\"wp-block-list\">\n<li><s>Aeropuerto de Peinador<br>en Vigo (aprox. 15 km.)<\/s><\/li>\n\n\n\n<li>Aeropuerto de Lavacolla<br>en Santiago de Compostela (aprox. 100 km.)<\/li>\n\n\n\n<li>Aeropuerto de S\u00e2 Carneiro<br>en Porto &#8211; Portugal<br>(aprox. 150 Km.)<\/li>\n<\/ul>\n\n\n\n<div style=\"height:0px\" aria-hidden=\"true\" class=\"wp-block-spacer wp-container-content-62aae154\"><\/div>\n<\/div>\n<\/div>\n\n\n\n<div class=\"wp-block-column is-layout-flow wp-block-column-is-layout-flow\" style=\"border-top-color:var(--wp--preset--color--contrast-3);border-top-width:1px;border-bottom-color:var(--wp--preset--color--contrast-3);border-bottom-width:1px;padding-top:var(--wp--preset--spacing--30);padding-right:var(--wp--preset--spacing--30);padding-bottom:var(--wp--preset--spacing--10);padding-left:var(--wp--preset--spacing--30)\">\n<figure class=\"wp-block-image aligncenter size-full is-resized wp-duotone-a4a4a4-b5bdbc-2\"><img data-recalc-dims=\"1\" loading=\"lazy\" decoding=\"async\" width=\"448\" height=\"512\" src=\"https:\/\/i0.wp.com\/vigo.wordcamp.org\/2024\/files\/2024\/03\/train-solid.png?resize=448%2C512&#038;ssl=1\" alt=\"train\" class=\"wp-image-1781\" style=\"width:auto;height:64px\" srcset=\"https:\/\/i0.wp.com\/vigo.wordcamp.org\/2024\/files\/2024\/03\/train-solid.png?w=448&amp;ssl=1 448w, https:\/\/i0.wp.com\/vigo.wordcamp.org\/2024\/files\/2024\/03\/train-solid.png?resize=263%2C300&amp;ssl=1 263w\" sizes=\"auto, (max-width: 448px) 100vw, 448px\" \/><\/figure>\n\n\n\n<h3 class=\"wp-block-heading has-text-align-center\">En tren<\/h3>\n\n\n\n<p class=\"wp-block-paragraph\"><strong>Estaciones de tren en Vigo<\/strong><\/p>\n\n\n\n<div class=\"wp-block-group is-vertical is-content-justification-stretch is-layout-flex wp-container-core-group-is-layout-d8dce8eb wp-block-group-is-layout-flex\">\n<ul class=\"wp-block-list\">\n<li>Estaci\u00f3n de tren Vigo Urz\u00e1iz &#8211; Vialia<\/li>\n\n\n\n<li>Estaci\u00f3n de tren Vigo Guixar<\/li>\n<\/ul>\n\n\n\n<div style=\"height:0px\" aria-hidden=\"true\" class=\"wp-block-spacer wp-container-content-b0b89ccb\"><\/div>\n\n\n\n<p class=\"has-text-align-center has-custom-vigo-color has-text-color has-link-color wp-elements-e2962afaf04c64a0cdb4479cdeb5d590 wp-block-paragraph\" style=\"font-size:clamp(0.875rem, 0.875rem + ((1vw - 0.2rem) * 0.542), 1.2rem);\"><strong>\u00a1Consigue tu billete<\/strong><br><strong>con un 10% de descuento!<\/strong><\/p>\n\n\n\n<p class=\"has-text-align-center wp-block-paragraph\">Aplicable s\u00f3lo a AVE y larga distancia.<br>Recibir\u00e1s m\u00e1s informaci\u00f3n al comprar la entrada<\/p>\n<\/div>\n<\/div>\n\n\n\n<div class=\"wp-block-column is-layout-flow wp-block-column-is-layout-flow\" style=\"border-top-color:var(--wp--preset--color--contrast-3);border-top-width:1px;border-bottom-color:var(--wp--preset--color--contrast-3);border-bottom-width:1px;padding-top:var(--wp--preset--spacing--30);padding-right:var(--wp--preset--spacing--30);padding-bottom:var(--wp--preset--spacing--10);padding-left:var(--wp--preset--spacing--30)\">\n<figure class=\"wp-block-image aligncenter size-full is-resized wp-duotone-a4a4a4-b5bdbc-3\"><img data-recalc-dims=\"1\" loading=\"lazy\" decoding=\"async\" width=\"576\" height=\"512\" src=\"https:\/\/i0.wp.com\/vigo.wordcamp.org\/2024\/files\/2024\/03\/bus-solid.png?resize=576%2C512&#038;ssl=1\" alt=\"bus\" class=\"wp-image-1784\" style=\"width:auto;height:64px\" srcset=\"https:\/\/i0.wp.com\/vigo.wordcamp.org\/2024\/files\/2024\/03\/bus-solid.png?w=576&amp;ssl=1 576w, https:\/\/i0.wp.com\/vigo.wordcamp.org\/2024\/files\/2024\/03\/bus-solid.png?resize=338%2C300&amp;ssl=1 338w\" sizes=\"auto, (max-width: 576px) 100vw, 576px\" \/><\/figure>\n\n\n\n<h3 class=\"wp-block-heading has-text-align-center\" style=\"padding-top:1px\">En autob\u00fas<\/h3>\n\n\n\n<ul class=\"wp-block-list\">\n<li>Estaci\u00f3n de autobuses Vigo Urz\u00e1iz &#8211; Vialia<\/li>\n<\/ul>\n\n\n\n<div style=\"height:10px\" aria-hidden=\"true\" class=\"wp-block-spacer\"><\/div>\n\n\n\n<div class=\"wp-block-group is-vertical is-content-justification-stretch is-layout-flex wp-container-core-group-is-layout-d8dce8eb wp-block-group-is-layout-flex\">\n<hr class=\"wp-block-separator has-text-color has-contrast-3-color has-alpha-channel-opacity has-contrast-3-background-color has-background is-style-wide\" \/>\n<\/div>\n\n\n\n<div style=\"height:10px\" aria-hidden=\"true\" class=\"wp-block-spacer\"><\/div>\n\n\n\n<figure class=\"wp-block-image aligncenter size-full is-resized wp-duotone-a4a4a4-b5bdbc-4\"><img data-recalc-dims=\"1\" loading=\"lazy\" decoding=\"async\" width=\"576\" height=\"512\" src=\"https:\/\/i0.wp.com\/vigo.wordcamp.org\/2024\/files\/2024\/03\/ferry-solid.png?resize=576%2C512&#038;ssl=1\" alt=\"ferry\" class=\"wp-image-1785\" style=\"width:auto;height:64px\" srcset=\"https:\/\/i0.wp.com\/vigo.wordcamp.org\/2024\/files\/2024\/03\/ferry-solid.png?w=576&amp;ssl=1 576w, https:\/\/i0.wp.com\/vigo.wordcamp.org\/2024\/files\/2024\/03\/ferry-solid.png?resize=338%2C300&amp;ssl=1 338w\" sizes=\"auto, (max-width: 576px) 100vw, 576px\" \/><\/figure>\n\n\n\n<h3 class=\"wp-block-heading has-text-align-center\" style=\"padding-top:1px\">En barco<\/h3>\n\n\n\n<ul class=\"wp-block-list\">\n<li>Estaci\u00f3n Mar\u00edtima de Vigo<\/li>\n<\/ul>\n\n\n\n<div style=\"height:10px\" aria-hidden=\"true\" class=\"wp-block-spacer\"><\/div>\n<\/div>\n<\/div>\n<\/div>\n\n\n\n<div style=\"height:20px\" aria-hidden=\"true\" class=\"wp-block-spacer\"><\/div>\n\n\n\n<div class=\"wp-block-columns is-layout-flex wp-container-core-columns-is-layout-3a88641f wp-block-columns-is-layout-flex\">\n<div class=\"wp-block-column is-layout-flow wp-block-column-is-layout-flow\">\n<figure class=\"wp-block-image aligncenter size-full is-resized wp-duotone-a4a4a4-b5bdbc-5\"><img data-recalc-dims=\"1\" loading=\"lazy\" decoding=\"async\" width=\"512\" height=\"512\" src=\"https:\/\/i0.wp.com\/vigo.wordcamp.org\/2024\/files\/2024\/03\/car-solid.png?resize=512%2C512&#038;ssl=1\" alt=\"car\" class=\"wp-image-1783\" style=\"width:auto;height:64px\" srcset=\"https:\/\/i0.wp.com\/vigo.wordcamp.org\/2024\/files\/2024\/03\/car-solid.png?w=512&amp;ssl=1 512w, https:\/\/i0.wp.com\/vigo.wordcamp.org\/2024\/files\/2024\/03\/car-solid.png?resize=300%2C300&amp;ssl=1 300w\" sizes=\"auto, (max-width: 512px) 100vw, 512px\" \/><\/figure>\n\n\n\n<h3 class=\"wp-block-heading has-text-align-center\" style=\"padding-top:1px\">En coche<\/h3>\n\n\n\n<ul class=\"wp-block-list\">\n<li>Desde A Coru\u00f1a por la AP-9<\/li>\n\n\n\n<li>Desde Ourense \/ Madrid por la A-52<\/li>\n\n\n\n<li>Desde Oporto \/ Portugal por la A3 o A28 hasta Galicia y continuar por la A-55<\/li>\n<\/ul>\n\n\n\n<p class=\"wp-block-paragraph\"><strong>Aparcar en la zona<\/strong><br>Viernes: Cerca del C\u00edrculo de empresarios hay 3 parkings de pago: el de Vialia, el de la estaci\u00f3n de tren de Guixar y el de Rosal\u00eda de Castro. En los alrededores del C\u00edrculo de empresarios puedes encontrar sitio para aparcar en la calle, aunque es zona azul.<br><br>S\u00e1bado y domingo: hay un parking p\u00fablico debajo del Auditorio Mar de Vigo. Es de pago y se entra por la calle Jacinto Benavente. En los alrededores del Auditorio suele haber bastante sitio para aparcar y es gratis, no hay zona azul \ud83d\ude09<\/p>\n\n\n\n<div style=\"height:30px\" aria-hidden=\"true\" class=\"wp-block-spacer\"><\/div>\n\n\n\n<div id=\"dormir-en-vigo\" class=\"wp-block-group has-custom-gris-background-color has-background has-global-padding is-layout-constrained wp-container-core-group-is-layout-c9a371c5 wp-block-group-is-layout-constrained\" style=\"padding-top:var(--wp--preset--spacing--30);padding-right:var(--wp--preset--spacing--30);padding-bottom:var(--wp--preset--spacing--30);padding-left:var(--wp--preset--spacing--30)\">\n<h3 class=\"wp-block-heading has-text-align-center\"><strong>Qu\u00e9date a dormir junto al auditorio Mar de Vigo<\/strong><\/h3>\n\n\n\n<p class=\"wp-block-paragraph\">\u00bfEres de esas personas que les cuesta levantarse de la cama? Tenemos dos buenas noticias para ti. La primera: hay un <strong>hotel justo pegado al auditorio<\/strong>, que adem\u00e1s se llama igual: Hotel Eurostars Mar de Vigo 4*. Y la segunda: hemos conseguido un <strong>descuento<\/strong> para que reservar tu habitaci\u00f3n te cueste menos.<\/p>\n\n\n\n<p class=\"wp-block-paragraph\">\u00a1Adem\u00e1s el hotel est\u00e1 chul\u00edsimo! <strong>Escr\u00edbenos y te enviamos el c\u00f3digo de descuento<\/strong>. <br>Este descuento permite la cancelaci\u00f3n de la reserva a diferencia de otros descuentos que puedas encontrar en la web del hotel y que no permiten cancelaci\u00f3n.<\/p>\n\n\n\n<p class=\"wp-block-paragraph\">No tardes, que solo tenemos cupo para 20 habitaciones \ud83d\ude09<\/p>\n<\/div>\n<\/div>\n<\/div>\n\n\n\n<div style=\"height:20px\" aria-hidden=\"true\" class=\"wp-block-spacer\"><\/div>\n\n\n\n<div class=\"wp-block-cover has-aspect-ratio\" style=\"margin-top:0;padding-top:3em;padding-right:5em;padding-bottom:3em;padding-left:5em;aspect-ratio:auto;height:unset;min-height:unset;\"><span aria-hidden=\"true\" class=\"wp-block-cover__background has-custom-vigo-background-color has-background-dim-100 has-background-dim\"><\/span><div class=\"wp-block-cover__inner-container is-layout-flow wp-block-cover-is-layout-flow\">\n<div class=\"wp-block-group is-layout-flex wp-container-core-group-is-layout-d749ede4 wp-block-group-is-layout-flex\">\n<div class=\"wp-block-group wp-container-content-9cfa9a5a is-layout-flow wp-container-core-group-is-layout-7f9c660f wp-block-group-is-layout-flow\">\n<p class=\"has-text-align-left has-base-2-color has-text-color wp-block-paragraph\" style=\"font-size:clamp(21.536px, 1.346rem + ((1vw - 3.2px) * 1.403), 35px);font-style:normal;font-weight:600;letter-spacing:-1px;line-height:1.1;text-transform:none\">Si todav\u00eda no tienes tu entrada, \u00a1cooooorre a comprarla! Cada vez quedan menos (no importa cuando leas esto).<\/p>\n<\/div>\n\n\n\n<div class=\"wp-block-group wp-container-content-5b91cf2b is-vertical is-nowrap is-layout-flex wp-container-core-group-is-layout-36f113d8 wp-block-group-is-layout-flex\">\n<div class=\"wp-block-buttons is-layout-flex wp-block-buttons-is-layout-flex\">\n<div class=\"wp-block-button has-custom-font-size\" style=\"font-size:clamp(0.875rem, 0.875rem + ((1vw - 0.2rem) * 0.708), 1.3rem);\"><a class=\"wp-block-button__link has-contrast-background-color has-background wp-element-button\" href=\"https:\/\/vigo.wordcamp.org\/2024\/comprar-entradas\/\" style=\"padding-top:var(--wp--preset--spacing--20);padding-right:var(--wp--preset--spacing--30);padding-bottom:var(--wp--preset--spacing--20);padding-left:var(--wp--preset--spacing--30)\">Comprar entrada<\/a><\/div>\n<\/div>\n<\/div>\n<\/div>\n<\/div><\/div>\n\n\n\n<div style=\"height:10px\" aria-hidden=\"true\" class=\"wp-block-spacer\"><\/div>\n\n\n\n<div class=\"wp-block-group has-border-color has-custom-vigo-border-color has-global-padding is-layout-constrained wp-container-core-group-is-layout-ababb639 wp-block-group-is-layout-constrained\" style=\"border-width:1px;padding-top:var(--wp--preset--spacing--30);padding-right:var(--wp--preset--spacing--30);padding-bottom:var(--wp--preset--spacing--30);padding-left:var(--wp--preset--spacing--30)\">\n<h2 class=\"wp-block-heading has-text-align-center\">\u00bfQu\u00e9 ver en Vigo?<\/h2>\n\n\n\n<p class=\"has-text-align-center wp-block-paragraph\">Hemos creado una lista con 8 sitios geniales de Vigo para que saques (a\u00fan m\u00e1s) partido a tu visita. <a href=\"https:\/\/vigo.wordcamp.org\/2024\/que-ver-en-vigo-y-alrededores\/\">\u00a1Echa un vistazo!<\/a><\/p>\n<\/div>\n\n\n\n<div style=\"height:100px\" aria-hidden=\"true\" class=\"wp-block-spacer\"><\/div>\n","protected":false},"excerpt":{"rendered":"<p>\u00bfD\u00f3nde se celebra la primeraWordCamp de Vigo? Ent\u00e9rate de todo aqu\u00ed y consigue descuentospara tu viaje y estancia Viernes 24 de mayo Do_action C\u00edrculo de Empresarios de GaliciaR\u00faa de Garc\u00eda Barb\u00f3n, 6236201 Vigo S\u00e1bado 25 y domingo 26 de mayo D\u00eda de Ponencias y Contributor Day Auditorio Mar de Vigo Palacio de CongresosAvda. da Beiramar, [&hellip;]<\/p>\n","protected":false},"author":6208082,"featured_media":1756,"parent":0,"menu_order":75,"comment_status":"closed","ping_status":"closed","template":"page-no-title","meta":{"_crdt_document":"","advanced_seo_description":"","jetpack_seo_html_title":"","jetpack_seo_noindex":false,"jetpack_post_was_ever_published":true,"footnotes":""},"class_list":["post-1691","page","type-page","status-publish","has-post-thumbnail","hentry"],"jetpack_sharing_enabled":false,"jetpack_likes_enabled":true,"jetpack_shortlink":"https:\/\/wp.me\/Pftev6-rh","_links":{"self":[{"href":"https:\/\/vigo.wordcamp.org\/2024\/wp-json\/wp\/v2\/pages\/1691","targetHints":{"allow":["GET"]}}],"collection":[{"href":"https:\/\/vigo.wordcamp.org\/2024\/wp-json\/wp\/v2\/pages"}],"about":[{"href":"https:\/\/vigo.wordcamp.org\/2024\/wp-json\/wp\/v2\/types\/page"}],"author":[{"embeddable":true,"href":"https:\/\/vigo.wordcamp.org\/2024\/wp-json\/wp\/v2\/users\/6208082"}],"replies":[{"embeddable":true,"href":"https:\/\/vigo.wordcamp.org\/2024\/wp-json\/wp\/v2\/comments?post=1691"}],"version-history":[{"count":102,"href":"https:\/\/vigo.wordcamp.org\/2024\/wp-json\/wp\/v2\/pages\/1691\/revisions"}],"predecessor-version":[{"id":3018,"href":"https:\/\/vigo.wordcamp.org\/2024\/wp-json\/wp\/v2\/pages\/1691\/revisions\/3018"}],"wp:featuredmedia":[{"embeddable":true,"href":"https:\/\/vigo.wordcamp.org\/2024\/wp-json\/wp\/v2\/media\/1756"}],"wp:attachment":[{"href":"https:\/\/vigo.wordcamp.org\/2024\/wp-json\/wp\/v2\/media?parent=1691"}],"curies":[{"name":"wp","href":"https:\/\/api.w.org\/{rel}","templated":true}]}}